{"id":49,"date":"2024-11-12T16:12:33","date_gmt":"2024-11-12T16:12:33","guid":{"rendered":"https:\/\/marerefilmfestival.com\/?page_id=49"},"modified":"2025-09-10T13:29:06","modified_gmt":"2025-09-10T11:29:06","slug":"festival","status":"publish","type":"page","link":"https:\/\/marerefilmfestival.com\/va\/festival\/","title":{"rendered":"Festival"},"content":{"rendered":"<div data-elementor-type=\"wp-page\" data-elementor-id=\"49\" class=\"elementor elementor-49\" data-elementor-post-type=\"page\">\n\t\t\t\t<div class=\"elementor-element elementor-element-15bd80a e-con-full e-flex e-con e-parent\" data-id=\"15bd80a\" data-element_type=\"container\" data-e-type=\"container\" data-settings=\"{&quot;background_background&quot;:&quot;classic&quot;,&quot;jet_parallax_layout_list&quot;:[]}\">\n\t\t\t\t<\/div>\n\t\t<div class=\"elementor-element elementor-element-479bfb15 e-flex e-con-boxed elementor-invisible e-con e-parent\" data-id=\"479bfb15\" data-element_type=\"container\" data-e-type=\"container\" data-settings=\"{&quot;jet_parallax_layout_list&quot;:[],&quot;animation&quot;:&quot;fadeInUp&quot;}\">\n\t\t\t\t\t<div class=\"e-con-inner\">\n\t\t<div class=\"elementor-element elementor-element-3c3679ea e-flex e-con-boxed e-con e-child\" data-id=\"3c3679ea\" data-element_type=\"container\" data-e-type=\"container\" data-settings=\"{&quot;background_background&quot;:&quot;classic&quot;,&quot;jet_parallax_layout_list&quot;:[]}\">\n\t\t\t\t\t<div class=\"e-con-inner\">\n\t\t<div class=\"elementor-element elementor-element-7da5a7c2 e-con-full e-flex e-con e-child\" data-id=\"7da5a7c2\" data-element_type=\"container\" data-e-type=\"container\" data-settings=\"{&quot;jet_parallax_layout_list&quot;:[],&quot;background_background&quot;:&quot;classic&quot;}\">\n\t\t\t\t<\/div>\n\t\t<div class=\"elementor-element elementor-element-702f793 e-con-full e-flex e-con e-child\" data-id=\"702f793\" data-element_type=\"container\" data-e-type=\"container\" data-settings=\"{&quot;jet_parallax_layout_list&quot;:[]}\">\n\t\t\t\t<div class=\"elementor-element elementor-element-c66506f elementor-widget elementor-widget-heading\" data-id=\"c66506f\" data-element_type=\"widget\" data-e-type=\"widget\" data-widget_type=\"heading.default\">\n\t\t\t\t<div class=\"elementor-widget-container\">\n\t\t\t\t\t<h3 class=\"elementor-heading-title elementor-size-default\">MARERE FILM FESTIVAL<\/h3>\t\t\t\t<\/div>\n\t\t\t\t<\/div>\n\t\t\t\t<div class=\"elementor-element elementor-element-815a5a7 elementor-widget elementor-widget-heading\" data-id=\"815a5a7\" data-element_type=\"widget\" data-e-type=\"widget\" data-widget_type=\"heading.default\">\n\t\t\t\t<div class=\"elementor-widget-container\">\n\t\t\t\t\t<h4 class=\"elementor-heading-title elementor-size-default\">Una trobada de Cinema i Belles arts<\/h4>\t\t\t\t<\/div>\n\t\t\t\t<\/div>\n\t\t\t\t<div class=\"elementor-element elementor-element-61fc3e74 elementor-widget elementor-widget-text-editor\" data-id=\"61fc3e74\" data-element_type=\"widget\" data-e-type=\"widget\" data-widget_type=\"text-editor.default\">\n\t\t\t\t<div class=\"elementor-widget-container\">\n\t\t\t\t\t\t\t\t\t<div class=\"page\" title=\"Page 1\"><div class=\"section\"><div class=\"layoutArea\"><div class=\"column\"><p>La primera edicio\u0301n del Marere Fest <em><strong>nace con la misio\u0301n de ser un espacio donde el cine y las Bellas Artes se encuentren en un dia\u0301logo creativo<\/strong><\/em>. Este festival esta\u0301 disen\u0303ado para acercar al pu\u0301blico una seleccio\u0301n de largometrajes y obras audiovisuales que celebran el arte en todas sus formas: <em><strong>cine, pintura, mu\u0301sica, danza, escultura, arquitectura, literatura y ma\u0301s.<\/strong><\/em><\/p><p>El nombre del festival, \u00abMarere\u00bb, es un homenaje a Angelita, fundadora del Cine Jayan y una figura clave en la historia cultural de Ja\u0301vea. Angelita, conocida carin\u0303osamente como \u00abMarere\u00bb, recibio\u0301 este apelativo de su nieta, quien, al escuchar a su madre llamarle \u00abMare\u00bb, lo intentaba repetir, pero le sali\u0301a \u00abMarere\u201c y se le quedo\u0301 como apelativo carin\u0303oso. Asi\u0301, en reconocimiento a su legado y al amor por el cine que ha pasado de generacio\u0301n en generacio\u0301n, el festival lleva su nombre.<\/p><p>Marere Fest busca convertirse en un r<em><strong>eferente cultural tanto a nivel nacional como internacional<\/strong><\/em>, promoviendo peli\u0301culas que exploren la conexio\u0301n entre el arte y la vida, y que aporten nuevas perspectivas sobre el papel de la creatividad en la sociedad. <em><strong>Organizado en la emblema\u0301tica sede del Cine Jayan, un espacio histo\u0301rico en Ja\u0301vea<\/strong><\/em>, este festival ofrece una plataforma u\u0301nica para creadores emergentes y consolidados de todo el mundo.<\/p><\/div><\/div><\/div><\/div>\t\t\t\t\t\t\t\t<\/div>\n\t\t\t\t<\/div>\n\t\t\t\t<\/div>\n\t\t<div class=\"elementor-element elementor-element-273ed09e e-con-full e-flex e-con e-child\" data-id=\"273ed09e\" data-element_type=\"container\" data-e-type=\"container\" data-settings=\"{&quot;background_background&quot;:&quot;classic&quot;,&quot;jet_parallax_layout_list&quot;:[]}\">\n\t\t\t\t<div class=\"elementor-element elementor-element-4e22830 elementor-widget-divider--separator-type-pattern elementor-widget-divider--view-line elementor-widget elementor-widget-divider\" data-id=\"4e22830\" data-element_type=\"widget\" data-e-type=\"widget\" data-widget_type=\"divider.default\">\n\t\t\t\t<div class=\"elementor-widget-container\">\n\t\t\t\t\t\t\t<div class=\"elementor-divider\" style=\"--divider-pattern-url: url(&quot;data:image\/svg+xml,%3Csvg xmlns=&#039;http:\/\/www.w3.org\/2000\/svg&#039; preserveAspectRatio=&#039;none&#039; overflow=&#039;visible&#039; height=&#039;100%&#039; viewBox=&#039;0 0 20 16&#039; fill=&#039;none&#039; stroke=&#039;black&#039; stroke-width=&#039;3&#039; stroke-linecap=&#039;square&#039; stroke-miterlimit=&#039;10&#039;%3E%3Cg transform=&#039;translate(-12.000000, 0)&#039;%3E%3Cpath d=&#039;M28,0L10,18&#039;\/%3E%3Cpath d=&#039;M18,0L0,18&#039;\/%3E%3Cpath d=&#039;M48,0L30,18&#039;\/%3E%3Cpath d=&#039;M38,0L20,18&#039;\/%3E%3C\/g%3E%3C\/svg%3E&quot;);\">\n\t\t\t<span class=\"elementor-divider-separator\">\n\t\t\t\t\t\t<\/span>\n\t\t<\/div>\n\t\t\t\t\t\t<\/div>\n\t\t\t\t<\/div>\n\t\t\t\t<div class=\"elementor-element elementor-element-301b7cc7 elementor-widget elementor-widget-icon-box\" data-id=\"301b7cc7\" data-element_type=\"widget\" data-e-type=\"widget\" data-widget_type=\"icon-box.default\">\n\t\t\t\t<div class=\"elementor-widget-container\">\n\t\t\t\t\t\t\t<div class=\"elementor-icon-box-wrapper\">\n\n\t\t\t\n\t\t\t\t\t\t<div class=\"elementor-icon-box-content\">\n\n\t\t\t\t\t\t\t\t\t<div class=\"elementor-icon-box-title\">\n\t\t\t\t\t\t<span  >\n\t\t\t\t\t\t\tFechas\t\t\t\t\t\t<\/span>\n\t\t\t\t\t<\/div>\n\t\t\t\t\n\t\t\t\t\t\t\t\t\t<p class=\"elementor-icon-box-description\">\n\t\t\t\t\t\tLa primera edici\u00f3n del MFF se celebrar\u00e1 del <b>16 al 22 de marzo<\/b> de 2026 en la ciudad costera de J\u00e1vea (Alicante).\t\t\t\t\t<\/p>\n\t\t\t\t\n\t\t\t<\/div>\n\t\t\t\n\t\t<\/div>\n\t\t\t\t\t\t<\/div>\n\t\t\t\t<\/div>\n\t\t\t\t<\/div>\n\t\t<div class=\"elementor-element elementor-element-14d49972 e-con-full e-flex e-con e-child\" data-id=\"14d49972\" data-element_type=\"container\" data-e-type=\"container\" data-settings=\"{&quot;background_background&quot;:&quot;classic&quot;,&quot;jet_parallax_layout_list&quot;:[]}\">\n\t\t\t\t<div class=\"elementor-element elementor-element-7c60ddcf elementor-widget-divider--separator-type-pattern elementor-widget-divider--view-line elementor-widget elementor-widget-divider\" data-id=\"7c60ddcf\" data-element_type=\"widget\" data-e-type=\"widget\" data-widget_type=\"divider.default\">\n\t\t\t\t<div class=\"elementor-widget-container\">\n\t\t\t\t\t\t\t<div class=\"elementor-divider\" style=\"--divider-pattern-url: url(&quot;data:image\/svg+xml,%3Csvg xmlns=&#039;http:\/\/www.w3.org\/2000\/svg&#039; preserveAspectRatio=&#039;none&#039; overflow=&#039;visible&#039; height=&#039;100%&#039; viewBox=&#039;0 0 20 16&#039; fill=&#039;none&#039; stroke=&#039;black&#039; stroke-width=&#039;3&#039; stroke-linecap=&#039;square&#039; stroke-miterlimit=&#039;10&#039;%3E%3Cg transform=&#039;translate(-12.000000, 0)&#039;%3E%3Cpath d=&#039;M28,0L10,18&#039;\/%3E%3Cpath d=&#039;M18,0L0,18&#039;\/%3E%3Cpath d=&#039;M48,0L30,18&#039;\/%3E%3Cpath d=&#039;M38,0L20,18&#039;\/%3E%3C\/g%3E%3C\/svg%3E&quot;);\">\n\t\t\t<span class=\"elementor-divider-separator\">\n\t\t\t\t\t\t<\/span>\n\t\t<\/div>\n\t\t\t\t\t\t<\/div>\n\t\t\t\t<\/div>\n\t\t\t\t<div class=\"elementor-element elementor-element-17cbec99 elementor-widget elementor-widget-icon-box\" data-id=\"17cbec99\" data-element_type=\"widget\" data-e-type=\"widget\" data-widget_type=\"icon-box.default\">\n\t\t\t\t<div class=\"elementor-widget-container\">\n\t\t\t\t\t\t\t<div class=\"elementor-icon-box-wrapper\">\n\n\t\t\t\n\t\t\t\t\t\t<div class=\"elementor-icon-box-content\">\n\n\t\t\t\t\t\t\t\t\t<div class=\"elementor-icon-box-title\">\n\t\t\t\t\t\t<span  >\n\t\t\t\t\t\t\tSede del MFF\t\t\t\t\t\t<\/span>\n\t\t\t\t\t<\/div>\n\t\t\t\t\n\t\t\t\t\t\t\t\t\t<p class=\"elementor-icon-box-description\">\n\t\t\t\t\t\tEste festival de cine y artes tendr\u00e1 como sede principal el Cine Jayan, un espacio emblem\u00e1tico y cargado de historia, ubicado en el coraz\u00f3n de J\u00e1vea, en la Calle Sant\u00edsimo Cristo del Mar n\u00ba 14.\t\t\t\t\t<\/p>\n\t\t\t\t\n\t\t\t<\/div>\n\t\t\t\n\t\t<\/div>\n\t\t\t\t\t\t<\/div>\n\t\t\t\t<\/div>\n\t\t\t\t<\/div>\n\t\t<div class=\"elementor-element elementor-element-d60fafe e-con-full e-flex e-con e-child\" data-id=\"d60fafe\" data-element_type=\"container\" data-e-type=\"container\" data-settings=\"{&quot;background_background&quot;:&quot;classic&quot;,&quot;jet_parallax_layout_list&quot;:[]}\">\n\t\t\t\t<div class=\"elementor-element elementor-element-6b1a5d24 elementor-widget-divider--separator-type-pattern elementor-widget-divider--view-line elementor-widget elementor-widget-divider\" data-id=\"6b1a5d24\" data-element_type=\"widget\" data-e-type=\"widget\" data-widget_type=\"divider.default\">\n\t\t\t\t<div class=\"elementor-widget-container\">\n\t\t\t\t\t\t\t<div class=\"elementor-divider\" style=\"--divider-pattern-url: url(&quot;data:image\/svg+xml,%3Csvg xmlns=&#039;http:\/\/www.w3.org\/2000\/svg&#039; preserveAspectRatio=&#039;none&#039; overflow=&#039;visible&#039; height=&#039;100%&#039; viewBox=&#039;0 0 20 16&#039; fill=&#039;none&#039; stroke=&#039;black&#039; stroke-width=&#039;3&#039; stroke-linecap=&#039;square&#039; stroke-miterlimit=&#039;10&#039;%3E%3Cg transform=&#039;translate(-12.000000, 0)&#039;%3E%3Cpath d=&#039;M28,0L10,18&#039;\/%3E%3Cpath d=&#039;M18,0L0,18&#039;\/%3E%3Cpath d=&#039;M48,0L30,18&#039;\/%3E%3Cpath d=&#039;M38,0L20,18&#039;\/%3E%3C\/g%3E%3C\/svg%3E&quot;);\">\n\t\t\t<span class=\"elementor-divider-separator\">\n\t\t\t\t\t\t<\/span>\n\t\t<\/div>\n\t\t\t\t\t\t<\/div>\n\t\t\t\t<\/div>\n\t\t\t\t<div class=\"elementor-element elementor-element-7e71d64e elementor-widget elementor-widget-icon-box\" data-id=\"7e71d64e\" data-element_type=\"widget\" data-e-type=\"widget\" data-widget_type=\"icon-box.default\">\n\t\t\t\t<div class=\"elementor-widget-container\">\n\t\t\t\t\t\t\t<div class=\"elementor-icon-box-wrapper\">\n\n\t\t\t\n\t\t\t\t\t\t<div class=\"elementor-icon-box-content\">\n\n\t\t\t\t\t\t\t\t\t<div class=\"elementor-icon-box-title\">\n\t\t\t\t\t\t<span  >\n\t\t\t\t\t\t\tActividades paralelas\t\t\t\t\t\t<\/span>\n\t\t\t\t\t<\/div>\n\t\t\t\t\n\t\t\t\t\t\t\t\t\t<p class=\"elementor-icon-box-description\">\n\t\t\t\t\t\tEl programa de actividades paralelas del Marere Fest est\u00e1 en constante desarrollo y puede ampliarse con nuevas propuestas a medida que se acerque la fecha del festival.\t\t\t\t\t<\/p>\n\t\t\t\t\n\t\t\t<\/div>\n\t\t\t\n\t\t<\/div>\n\t\t\t\t\t\t<\/div>\n\t\t\t\t<\/div>\n\t\t\t\t<\/div>\n\t\t\t\t\t<\/div>\n\t\t\t\t<\/div>\n\t\t\t\t\t<\/div>\n\t\t\t\t<\/div>\n\t\t<div class=\"elementor-element elementor-element-ca4385f e-con-full e-flex e-con e-parent\" data-id=\"ca4385f\" data-element_type=\"container\" data-e-type=\"container\" data-settings=\"{&quot;jet_parallax_layout_list&quot;:[]}\">\n\t\t\t\t<div class=\"elementor-element elementor-element-24daff2 elementor-widget-divider--separator-type-pattern elementor-widget-divider--view-line elementor-widget elementor-widget-divider\" data-id=\"24daff2\" data-element_type=\"widget\" data-e-type=\"widget\" data-widget_type=\"divider.default\">\n\t\t\t\t<div class=\"elementor-widget-container\">\n\t\t\t\t\t\t\t<div class=\"elementor-divider\" style=\"--divider-pattern-url: url(&quot;data:image\/svg+xml,%3Csvg xmlns=&#039;http:\/\/www.w3.org\/2000\/svg&#039; preserveAspectRatio=&#039;none&#039; overflow=&#039;visible&#039; height=&#039;100%&#039; viewBox=&#039;0 0 20 16&#039; fill=&#039;none&#039; stroke=&#039;black&#039; stroke-width=&#039;3&#039; stroke-linecap=&#039;square&#039; stroke-miterlimit=&#039;10&#039;%3E%3Cg transform=&#039;translate(-12.000000, 0)&#039;%3E%3Cpath d=&#039;M28,0L10,18&#039;\/%3E%3Cpath d=&#039;M18,0L0,18&#039;\/%3E%3Cpath d=&#039;M48,0L30,18&#039;\/%3E%3Cpath d=&#039;M38,0L20,18&#039;\/%3E%3C\/g%3E%3C\/svg%3E&quot;);\">\n\t\t\t<span class=\"elementor-divider-separator\">\n\t\t\t\t\t\t<\/span>\n\t\t<\/div>\n\t\t\t\t\t\t<\/div>\n\t\t\t\t<\/div>\n\t\t\t\t<\/div>\n\t\t<div class=\"elementor-element elementor-element-b9a3efb e-flex e-con-boxed elementor-invisible e-con e-parent\" data-id=\"b9a3efb\" data-element_type=\"container\" data-e-type=\"container\" data-settings=\"{&quot;jet_parallax_layout_list&quot;:[],&quot;background_background&quot;:&quot;classic&quot;,&quot;animation&quot;:&quot;fadeInUp&quot;}\">\n\t\t\t\t\t<div class=\"e-con-inner\">\n\t\t<div class=\"elementor-element elementor-element-dafd37e e-flex e-con-boxed e-con e-child\" data-id=\"dafd37e\" data-element_type=\"container\" data-e-type=\"container\" data-settings=\"{&quot;background_background&quot;:&quot;classic&quot;,&quot;jet_parallax_layout_list&quot;:[]}\">\n\t\t\t\t\t<div class=\"e-con-inner\">\n\t\t<div class=\"elementor-element elementor-element-5bccd7d e-con-full e-flex e-con e-child\" data-id=\"5bccd7d\" data-element_type=\"container\" data-e-type=\"container\" data-settings=\"{&quot;jet_parallax_layout_list&quot;:[]}\">\n\t\t\t\t<div class=\"elementor-element elementor-element-13fc345 elementor-widget elementor-widget-heading\" data-id=\"13fc345\" data-element_type=\"widget\" data-e-type=\"widget\" data-widget_type=\"heading.default\">\n\t\t\t\t<div class=\"elementor-widget-container\">\n\t\t\t\t\t<h6 class=\"elementor-heading-title elementor-size-default\">SECCIONES Y PREMIOS<\/h6>\t\t\t\t<\/div>\n\t\t\t\t<\/div>\n\t\t\t\t<div class=\"elementor-element elementor-element-8e1418f elementor-widget elementor-widget-heading\" data-id=\"8e1418f\" data-element_type=\"widget\" data-e-type=\"widget\" data-widget_type=\"heading.default\">\n\t\t\t\t<div class=\"elementor-widget-container\">\n\t\t\t\t\t<h3 class=\"elementor-heading-title elementor-size-default\">Secciones del festival<\/h3>\t\t\t\t<\/div>\n\t\t\t\t<\/div>\n\t\t\t\t<div class=\"elementor-element elementor-element-8f9096c elementor-widget elementor-widget-text-editor\" data-id=\"8f9096c\" data-element_type=\"widget\" data-e-type=\"widget\" data-widget_type=\"text-editor.default\">\n\t\t\t\t<div class=\"elementor-widget-container\">\n\t\t\t\t\t\t\t\t\t<div class=\"page\" title=\"Page 1\"><div class=\"section\"><div class=\"layoutArea\"><div class=\"column\"><div class=\"page\" title=\"Page 4\"><div class=\"section\"><div class=\"layoutArea\"><div class=\"column\"><p>El Marere Fest 2026 contara\u0301 con dos secciones principales, que permitira\u0301n una diversidad de propuestas arti\u0301sticas y cinematogra\u0301ficas:<\/p><p><strong>Seccio\u0301n Oficial<\/strong><\/p><p>La Seccio\u0301n Oficial del Marere Fest esta\u0301 dedicada a largometrajes que exploran las diferentes manifestaciones de las Bellas Artes, como el cine, la pintura, la escultura, la arquitectura, la mu\u0301sica, la danza, la literatura, la fotografi\u0301a, el teatro y otras formas arti\u0301sticas. Esta seccio\u0301n incluira\u0301 obras de ficcio\u0301n, animacio\u0301n, biopic y documental, tanto nacionales como internacionales.<\/p><p><strong>Seccio\u0301n \u00abMirades Regionals\u00bb<\/strong><\/p><p>La Seccio\u0301n \u00abMirades Regionals\u00bb esta\u0301 dedicada a largometrajes producidos en la Comunidad Valenciana, Catalun\u0303a o Baleares, rodados en las lenguas cooficiales de estas comunidades. A diferencia de la Seccio\u0301n Oficial, en esta categori\u0301a la tema\u0301tica es libre, y las obras pueden haber sido proyectadas en salas comerciales hasta seis meses antes del festival.<\/p><\/div><\/div><\/div><\/div><\/div><\/div><\/div><\/div>\t\t\t\t\t\t\t\t<\/div>\n\t\t\t\t<\/div>\n\t\t\t\t<\/div>\n\t\t<div class=\"elementor-element elementor-element-41b7945 e-con-full e-flex e-con e-child\" data-id=\"41b7945\" data-element_type=\"container\" data-e-type=\"container\" data-settings=\"{&quot;jet_parallax_layout_list&quot;:[],&quot;background_background&quot;:&quot;classic&quot;}\">\n\t\t\t\t<\/div>\n\t\t<div class=\"elementor-element elementor-element-23168e1 e-con-full e-flex e-con e-child\" data-id=\"23168e1\" data-element_type=\"container\" data-e-type=\"container\" data-settings=\"{&quot;background_background&quot;:&quot;classic&quot;,&quot;jet_parallax_layout_list&quot;:[]}\">\n\t\t\t\t<div class=\"elementor-element elementor-element-4766403 elementor-widget-divider--separator-type-pattern elementor-widget-divider--view-line elementor-widget elementor-widget-divider\" data-id=\"4766403\" data-element_type=\"widget\" data-e-type=\"widget\" data-widget_type=\"divider.default\">\n\t\t\t\t<div class=\"elementor-widget-container\">\n\t\t\t\t\t\t\t<div class=\"elementor-divider\" style=\"--divider-pattern-url: url(&quot;data:image\/svg+xml,%3Csvg xmlns=&#039;http:\/\/www.w3.org\/2000\/svg&#039; preserveAspectRatio=&#039;none&#039; overflow=&#039;visible&#039; height=&#039;100%&#039; viewBox=&#039;0 0 20 16&#039; fill=&#039;none&#039; stroke=&#039;black&#039; stroke-width=&#039;3&#039; stroke-linecap=&#039;square&#039; stroke-miterlimit=&#039;10&#039;%3E%3Cg transform=&#039;translate(-12.000000, 0)&#039;%3E%3Cpath d=&#039;M28,0L10,18&#039;\/%3E%3Cpath d=&#039;M18,0L0,18&#039;\/%3E%3Cpath d=&#039;M48,0L30,18&#039;\/%3E%3Cpath d=&#039;M38,0L20,18&#039;\/%3E%3C\/g%3E%3C\/svg%3E&quot;);\">\n\t\t\t<span class=\"elementor-divider-separator\">\n\t\t\t\t\t\t<\/span>\n\t\t<\/div>\n\t\t\t\t\t\t<\/div>\n\t\t\t\t<\/div>\n\t\t\t\t<div class=\"elementor-element elementor-element-0f2858e elementor-widget elementor-widget-icon-box\" data-id=\"0f2858e\" data-element_type=\"widget\" data-e-type=\"widget\" data-widget_type=\"icon-box.default\">\n\t\t\t\t<div class=\"elementor-widget-container\">\n\t\t\t\t\t\t\t<div class=\"elementor-icon-box-wrapper\">\n\n\t\t\t\n\t\t\t\t\t\t<div class=\"elementor-icon-box-content\">\n\n\t\t\t\t\t\t\t\t\t<div class=\"elementor-icon-box-title\">\n\t\t\t\t\t\t<span  >\n\t\t\t\t\t\t\tSecci\u00f3n Oficial\t\t\t\t\t\t<\/span>\n\t\t\t\t\t<\/div>\n\t\t\t\t\n\t\t\t\t\t\t\t\t\t<p class=\"elementor-icon-box-description\">\n\t\t\t\t\t\tLa Secci\u00f3n Oficial del Marere Fest est\u00e1 dedicada a largometrajes que exploran las diferentes manifestaciones de las Bellas Artes, como el cine, la pintura, la escultura, la arquitectura, la m\u00fasica, la danza, la literatura, la fotograf\u00eda, el teatro y otras formas art\u00edsticas. Esta secci\u00f3n incluir\u00e1 obras de ficci\u00f3n, animaci\u00f3n, biopic y documental, tanto nacionales como internacionales.\t\t\t\t\t<\/p>\n\t\t\t\t\n\t\t\t<\/div>\n\t\t\t\n\t\t<\/div>\n\t\t\t\t\t\t<\/div>\n\t\t\t\t<\/div>\n\t\t\t\t<\/div>\n\t\t<div class=\"elementor-element elementor-element-a82a4c6 e-con-full e-flex e-con e-child\" data-id=\"a82a4c6\" data-element_type=\"container\" data-e-type=\"container\" data-settings=\"{&quot;background_background&quot;:&quot;classic&quot;,&quot;jet_parallax_layout_list&quot;:[]}\">\n\t\t\t\t<div class=\"elementor-element elementor-element-ff4c9c9 elementor-widget-divider--separator-type-pattern elementor-widget-divider--view-line elementor-widget elementor-widget-divider\" data-id=\"ff4c9c9\" data-element_type=\"widget\" data-e-type=\"widget\" data-widget_type=\"divider.default\">\n\t\t\t\t<div class=\"elementor-widget-container\">\n\t\t\t\t\t\t\t<div class=\"elementor-divider\" style=\"--divider-pattern-url: url(&quot;data:image\/svg+xml,%3Csvg xmlns=&#039;http:\/\/www.w3.org\/2000\/svg&#039; preserveAspectRatio=&#039;none&#039; overflow=&#039;visible&#039; height=&#039;100%&#039; viewBox=&#039;0 0 20 16&#039; fill=&#039;none&#039; stroke=&#039;black&#039; stroke-width=&#039;3&#039; stroke-linecap=&#039;square&#039; stroke-miterlimit=&#039;10&#039;%3E%3Cg transform=&#039;translate(-12.000000, 0)&#039;%3E%3Cpath d=&#039;M28,0L10,18&#039;\/%3E%3Cpath d=&#039;M18,0L0,18&#039;\/%3E%3Cpath d=&#039;M48,0L30,18&#039;\/%3E%3Cpath d=&#039;M38,0L20,18&#039;\/%3E%3C\/g%3E%3C\/svg%3E&quot;);\">\n\t\t\t<span class=\"elementor-divider-separator\">\n\t\t\t\t\t\t<\/span>\n\t\t<\/div>\n\t\t\t\t\t\t<\/div>\n\t\t\t\t<\/div>\n\t\t\t\t<div class=\"elementor-element elementor-element-8d303df elementor-widget elementor-widget-icon-box\" data-id=\"8d303df\" data-element_type=\"widget\" data-e-type=\"widget\" data-widget_type=\"icon-box.default\">\n\t\t\t\t<div class=\"elementor-widget-container\">\n\t\t\t\t\t\t\t<div class=\"elementor-icon-box-wrapper\">\n\n\t\t\t\n\t\t\t\t\t\t<div class=\"elementor-icon-box-content\">\n\n\t\t\t\t\t\t\t\t\t<div class=\"elementor-icon-box-title\">\n\t\t\t\t\t\t<span  >\n\t\t\t\t\t\t\tSecci\u00f3n \"Mirades Regionals\"\t\t\t\t\t\t<\/span>\n\t\t\t\t\t<\/div>\n\t\t\t\t\n\t\t\t\t\t\t\t\t\t<p class=\"elementor-icon-box-description\">\n\t\t\t\t\t\tLa Secci\u00f3n \"Mirades Regionals\" est\u00e1 dedicada a largometrajes producidos en la Comunidad Valenciana, Catalu\u00f1a o Baleares, rodados en las lenguas cooficiales de estas comunidades. A diferencia de la Secci\u00f3n Oficial, en esta categor\u00eda la tem\u00e1tica es libre, y las obras pueden haber sido proyectadas en salas comerciales hasta seis meses antes del festival.\t\t\t\t\t<\/p>\n\t\t\t\t\n\t\t\t<\/div>\n\t\t\t\n\t\t<\/div>\n\t\t\t\t\t\t<\/div>\n\t\t\t\t<\/div>\n\t\t\t\t<\/div>\n\t\t\t\t\t<\/div>\n\t\t\t\t<\/div>\n\t\t\t\t\t<\/div>\n\t\t\t\t<\/div>\n\t\t<div class=\"elementor-element elementor-element-8f76a1a e-con-full e-flex e-con e-parent\" data-id=\"8f76a1a\" data-element_type=\"container\" data-e-type=\"container\" data-settings=\"{&quot;jet_parallax_layout_list&quot;:[]}\">\n\t\t\t\t<div class=\"elementor-element elementor-element-8a3c476 elementor-widget-divider--separator-type-pattern elementor-widget-divider--view-line elementor-widget elementor-widget-divider\" data-id=\"8a3c476\" data-element_type=\"widget\" data-e-type=\"widget\" data-widget_type=\"divider.default\">\n\t\t\t\t<div class=\"elementor-widget-container\">\n\t\t\t\t\t\t\t<div class=\"elementor-divider\" style=\"--divider-pattern-url: url(&quot;data:image\/svg+xml,%3Csvg xmlns=&#039;http:\/\/www.w3.org\/2000\/svg&#039; preserveAspectRatio=&#039;none&#039; overflow=&#039;visible&#039; height=&#039;100%&#039; viewBox=&#039;0 0 20 16&#039; fill=&#039;none&#039; stroke=&#039;black&#039; stroke-width=&#039;3&#039; stroke-linecap=&#039;square&#039; stroke-miterlimit=&#039;10&#039;%3E%3Cg transform=&#039;translate(-12.000000, 0)&#039;%3E%3Cpath d=&#039;M28,0L10,18&#039;\/%3E%3Cpath d=&#039;M18,0L0,18&#039;\/%3E%3Cpath d=&#039;M48,0L30,18&#039;\/%3E%3Cpath d=&#039;M38,0L20,18&#039;\/%3E%3C\/g%3E%3C\/svg%3E&quot;);\">\n\t\t\t<span class=\"elementor-divider-separator\">\n\t\t\t\t\t\t<\/span>\n\t\t<\/div>\n\t\t\t\t\t\t<\/div>\n\t\t\t\t<\/div>\n\t\t\t\t<\/div>\n\t\t<div class=\"elementor-element elementor-element-f42cb42 e-flex e-con-boxed elementor-invisible e-con e-parent\" data-id=\"f42cb42\" data-element_type=\"container\" data-e-type=\"container\" data-settings=\"{&quot;jet_parallax_layout_list&quot;:[],&quot;animation&quot;:&quot;fadeInUp&quot;}\">\n\t\t\t\t\t<div class=\"e-con-inner\">\n\t\t<div class=\"elementor-element elementor-element-e4bf810 e-flex e-con-boxed e-con e-child\" data-id=\"e4bf810\" data-element_type=\"container\" data-e-type=\"container\" data-settings=\"{&quot;background_background&quot;:&quot;classic&quot;,&quot;jet_parallax_layout_list&quot;:[]}\">\n\t\t\t\t\t<div class=\"e-con-inner\">\n\t\t<div class=\"elementor-element elementor-element-db2193b e-con-full e-flex e-con e-child\" data-id=\"db2193b\" data-element_type=\"container\" data-e-type=\"container\" data-settings=\"{&quot;jet_parallax_layout_list&quot;:[]}\">\n\t\t\t\t<div class=\"elementor-element elementor-element-7a139f7 elementor-widget elementor-widget-heading\" data-id=\"7a139f7\" data-element_type=\"widget\" data-e-type=\"widget\" data-widget_type=\"heading.default\">\n\t\t\t\t<div class=\"elementor-widget-container\">\n\t\t\t\t\t<h6 class=\"elementor-heading-title elementor-size-default\">Marere Fest 2026 \u2013 Un Encuentro de Cine y Bellas Artes<\/h6>\t\t\t\t<\/div>\n\t\t\t\t<\/div>\n\t\t\t\t<div class=\"elementor-element elementor-element-c6aa1ac elementor-widget elementor-widget-heading\" data-id=\"c6aa1ac\" data-element_type=\"widget\" data-e-type=\"widget\" data-widget_type=\"heading.default\">\n\t\t\t\t<div class=\"elementor-widget-container\">\n\t\t\t\t\t<h3 class=\"elementor-heading-title elementor-size-default\">PREMIOS<\/h3>\t\t\t\t<\/div>\n\t\t\t\t<\/div>\n\t\t\t\t<div class=\"elementor-element elementor-element-0c78457 elementor-widget elementor-widget-text-editor\" data-id=\"0c78457\" data-element_type=\"widget\" data-e-type=\"widget\" data-widget_type=\"text-editor.default\">\n\t\t\t\t<div class=\"elementor-widget-container\">\n\t\t\t\t\t\t\t\t\t<div class=\"page\" title=\"Page 1\"><div class=\"section\"><div class=\"layoutArea\"><div class=\"column\"><div class=\"page\" title=\"Page 5\"><div class=\"section\"><div class=\"layoutArea\"><div class=\"column\"><p>El Marere Fest 2026 otorgara\u0301 varios premios en reconocimiento a la calidad arti\u0301stica y cinematogra\u0301fica de las obras seleccionadas. Los premios tienen como objetivo destacar el talento de los cineastas y su contribucio\u0301n al arte y la cultura. Los galardones sera\u0301n otorgados por un jurado compuesto por profesionales del cine y el arte, y por el propio pu\u0301blico asistente al festival.<\/p><\/div><\/div><\/div><\/div><\/div><\/div><\/div><\/div>\t\t\t\t\t\t\t\t<\/div>\n\t\t\t\t<\/div>\n\t\t\t\t<\/div>\n\t\t<div class=\"elementor-element elementor-element-28f07a7 e-con-full e-flex e-con e-child\" data-id=\"28f07a7\" data-element_type=\"container\" data-e-type=\"container\" data-settings=\"{&quot;background_background&quot;:&quot;classic&quot;,&quot;jet_parallax_layout_list&quot;:[]}\">\n\t\t\t\t<div class=\"elementor-element elementor-element-e138f85 elementor-widget-divider--separator-type-pattern elementor-widget-divider--view-line elementor-widget elementor-widget-divider\" data-id=\"e138f85\" data-element_type=\"widget\" data-e-type=\"widget\" data-widget_type=\"divider.default\">\n\t\t\t\t<div class=\"elementor-widget-container\">\n\t\t\t\t\t\t\t<div class=\"elementor-divider\" style=\"--divider-pattern-url: url(&quot;data:image\/svg+xml,%3Csvg xmlns=&#039;http:\/\/www.w3.org\/2000\/svg&#039; preserveAspectRatio=&#039;none&#039; overflow=&#039;visible&#039; height=&#039;100%&#039; viewBox=&#039;0 0 20 16&#039; fill=&#039;none&#039; stroke=&#039;black&#039; stroke-width=&#039;3&#039; stroke-linecap=&#039;square&#039; stroke-miterlimit=&#039;10&#039;%3E%3Cg transform=&#039;translate(-12.000000, 0)&#039;%3E%3Cpath d=&#039;M28,0L10,18&#039;\/%3E%3Cpath d=&#039;M18,0L0,18&#039;\/%3E%3Cpath d=&#039;M48,0L30,18&#039;\/%3E%3Cpath d=&#039;M38,0L20,18&#039;\/%3E%3C\/g%3E%3C\/svg%3E&quot;);\">\n\t\t\t<span class=\"elementor-divider-separator\">\n\t\t\t\t\t\t<\/span>\n\t\t<\/div>\n\t\t\t\t\t\t<\/div>\n\t\t\t\t<\/div>\n\t\t\t\t<div class=\"elementor-element elementor-element-bc5b836 elementor-widget elementor-widget-icon-box\" data-id=\"bc5b836\" data-element_type=\"widget\" data-e-type=\"widget\" data-widget_type=\"icon-box.default\">\n\t\t\t\t<div class=\"elementor-widget-container\">\n\t\t\t\t\t\t\t<div class=\"elementor-icon-box-wrapper\">\n\n\t\t\t\n\t\t\t\t\t\t<div class=\"elementor-icon-box-content\">\n\n\t\t\t\t\t\t\t\t\t<div class=\"elementor-icon-box-title\">\n\t\t\t\t\t\t<span  >\n\t\t\t\t\t\t\tMejor Pel\u00edcula en Secci\u00f3n Oficial \t\t\t\t\t\t<\/span>\n\t\t\t\t\t<\/div>\n\t\t\t\t\n\t\t\t\t\t\t\t\t\t<p class=\"elementor-icon-box-description\">\n\t\t\t\t\t\tDotaci\u00f3n: 3.000\u20ac\t\t\t\t\t<\/p>\n\t\t\t\t\n\t\t\t<\/div>\n\t\t\t\n\t\t<\/div>\n\t\t\t\t\t\t<\/div>\n\t\t\t\t<\/div>\n\t\t\t\t<\/div>\n\t\t<div class=\"elementor-element elementor-element-2b0dfdf e-con-full e-flex e-con e-child\" data-id=\"2b0dfdf\" data-element_type=\"container\" data-e-type=\"container\" data-settings=\"{&quot;background_background&quot;:&quot;classic&quot;,&quot;jet_parallax_layout_list&quot;:[]}\">\n\t\t\t\t<div class=\"elementor-element elementor-element-3bae7c3 elementor-widget-divider--separator-type-pattern elementor-widget-divider--view-line elementor-widget elementor-widget-divider\" data-id=\"3bae7c3\" data-element_type=\"widget\" data-e-type=\"widget\" data-widget_type=\"divider.default\">\n\t\t\t\t<div class=\"elementor-widget-container\">\n\t\t\t\t\t\t\t<div class=\"elementor-divider\" style=\"--divider-pattern-url: url(&quot;data:image\/svg+xml,%3Csvg xmlns=&#039;http:\/\/www.w3.org\/2000\/svg&#039; preserveAspectRatio=&#039;none&#039; overflow=&#039;visible&#039; height=&#039;100%&#039; viewBox=&#039;0 0 20 16&#039; fill=&#039;none&#039; stroke=&#039;black&#039; stroke-width=&#039;3&#039; stroke-linecap=&#039;square&#039; stroke-miterlimit=&#039;10&#039;%3E%3Cg transform=&#039;translate(-12.000000, 0)&#039;%3E%3Cpath d=&#039;M28,0L10,18&#039;\/%3E%3Cpath d=&#039;M18,0L0,18&#039;\/%3E%3Cpath d=&#039;M48,0L30,18&#039;\/%3E%3Cpath d=&#039;M38,0L20,18&#039;\/%3E%3C\/g%3E%3C\/svg%3E&quot;);\">\n\t\t\t<span class=\"elementor-divider-separator\">\n\t\t\t\t\t\t<\/span>\n\t\t<\/div>\n\t\t\t\t\t\t<\/div>\n\t\t\t\t<\/div>\n\t\t\t\t<div class=\"elementor-element elementor-element-036186a elementor-widget elementor-widget-icon-box\" data-id=\"036186a\" data-element_type=\"widget\" data-e-type=\"widget\" data-widget_type=\"icon-box.default\">\n\t\t\t\t<div class=\"elementor-widget-container\">\n\t\t\t\t\t\t\t<div class=\"elementor-icon-box-wrapper\">\n\n\t\t\t\n\t\t\t\t\t\t<div class=\"elementor-icon-box-content\">\n\n\t\t\t\t\t\t\t\t\t<div class=\"elementor-icon-box-title\">\n\t\t\t\t\t\t<span  >\n\t\t\t\t\t\t\tMejor Pel\u00edcula en Secci\u00f3n \"Mirades Regionals\" \t\t\t\t\t\t<\/span>\n\t\t\t\t\t<\/div>\n\t\t\t\t\n\t\t\t\t\t\t\t\t\t<p class=\"elementor-icon-box-description\">\n\t\t\t\t\t\tDotaci\u00f3n: 1.500\u20ac\t\t\t\t\t<\/p>\n\t\t\t\t\n\t\t\t<\/div>\n\t\t\t\n\t\t<\/div>\n\t\t\t\t\t\t<\/div>\n\t\t\t\t<\/div>\n\t\t\t\t<\/div>\n\t\t<div class=\"elementor-element elementor-element-3585d5b e-con-full e-flex e-con e-child\" data-id=\"3585d5b\" data-element_type=\"container\" data-e-type=\"container\" data-settings=\"{&quot;background_background&quot;:&quot;classic&quot;,&quot;jet_parallax_layout_list&quot;:[]}\">\n\t\t\t\t<div class=\"elementor-element elementor-element-e5228f1 elementor-widget-divider--separator-type-pattern elementor-widget-divider--view-line elementor-widget elementor-widget-divider\" data-id=\"e5228f1\" data-element_type=\"widget\" data-e-type=\"widget\" data-widget_type=\"divider.default\">\n\t\t\t\t<div class=\"elementor-widget-container\">\n\t\t\t\t\t\t\t<div class=\"elementor-divider\" style=\"--divider-pattern-url: url(&quot;data:image\/svg+xml,%3Csvg xmlns=&#039;http:\/\/www.w3.org\/2000\/svg&#039; preserveAspectRatio=&#039;none&#039; overflow=&#039;visible&#039; height=&#039;100%&#039; viewBox=&#039;0 0 20 16&#039; fill=&#039;none&#039; stroke=&#039;black&#039; stroke-width=&#039;3&#039; stroke-linecap=&#039;square&#039; stroke-miterlimit=&#039;10&#039;%3E%3Cg transform=&#039;translate(-12.000000, 0)&#039;%3E%3Cpath d=&#039;M28,0L10,18&#039;\/%3E%3Cpath d=&#039;M18,0L0,18&#039;\/%3E%3Cpath d=&#039;M48,0L30,18&#039;\/%3E%3Cpath d=&#039;M38,0L20,18&#039;\/%3E%3C\/g%3E%3C\/svg%3E&quot;);\">\n\t\t\t<span class=\"elementor-divider-separator\">\n\t\t\t\t\t\t<\/span>\n\t\t<\/div>\n\t\t\t\t\t\t<\/div>\n\t\t\t\t<\/div>\n\t\t\t\t<div class=\"elementor-element elementor-element-d1d0eed elementor-widget elementor-widget-icon-box\" data-id=\"d1d0eed\" data-element_type=\"widget\" data-e-type=\"widget\" data-widget_type=\"icon-box.default\">\n\t\t\t\t<div class=\"elementor-widget-container\">\n\t\t\t\t\t\t\t<div class=\"elementor-icon-box-wrapper\">\n\n\t\t\t\n\t\t\t\t\t\t<div class=\"elementor-icon-box-content\">\n\n\t\t\t\t\t\t\t\t\t<div class=\"elementor-icon-box-title\">\n\t\t\t\t\t\t<span  >\n\t\t\t\t\t\t\tPremio del P\u00fablico\t\t\t\t\t\t<\/span>\n\t\t\t\t\t<\/div>\n\t\t\t\t\n\t\t\t\t\t\t\t\t\t<p class=\"elementor-icon-box-description\">\n\t\t\t\t\t\tDotaci\u00f3n: 500\u20ac\t\t\t\t\t<\/p>\n\t\t\t\t\n\t\t\t<\/div>\n\t\t\t\n\t\t<\/div>\n\t\t\t\t\t\t<\/div>\n\t\t\t\t<\/div>\n\t\t\t\t<\/div>\n\t\t\t\t\t<\/div>\n\t\t\t\t<\/div>\n\t\t\t\t\t<\/div>\n\t\t\t\t<\/div>\n\t\t<div class=\"elementor-element elementor-element-8b3e935 e-flex e-con-boxed elementor-invisible e-con e-parent\" data-id=\"8b3e935\" data-element_type=\"container\" data-e-type=\"container\" data-settings=\"{&quot;jet_parallax_layout_list&quot;:[],&quot;background_background&quot;:&quot;classic&quot;,&quot;animation&quot;:&quot;fadeInUp&quot;}\">\n\t\t\t\t\t<div class=\"e-con-inner\">\n\t\t<div class=\"elementor-element elementor-element-48c1dd6 e-flex e-con-boxed e-con e-child\" data-id=\"48c1dd6\" data-element_type=\"container\" data-e-type=\"container\" data-settings=\"{&quot;background_background&quot;:&quot;classic&quot;,&quot;jet_parallax_layout_list&quot;:[]}\">\n\t\t\t\t\t<div class=\"e-con-inner\">\n\t\t<div class=\"elementor-element elementor-element-300758f e-con-full e-flex e-con e-child\" data-id=\"300758f\" data-element_type=\"container\" data-e-type=\"container\" data-settings=\"{&quot;jet_parallax_layout_list&quot;:[]}\">\n\t\t\t\t<div class=\"elementor-element elementor-element-ceeb53d elementor-widget elementor-widget-heading\" data-id=\"ceeb53d\" data-element_type=\"widget\" data-e-type=\"widget\" data-widget_type=\"heading.default\">\n\t\t\t\t<div class=\"elementor-widget-container\">\n\t\t\t\t\t<h3 class=\"elementor-heading-title elementor-size-default\">Concurso art\u00edstico<\/h3>\t\t\t\t<\/div>\n\t\t\t\t<\/div>\n\t\t\t\t<div class=\"elementor-element elementor-element-0ee4cb3 elementor-widget elementor-widget-heading\" data-id=\"0ee4cb3\" data-element_type=\"widget\" data-e-type=\"widget\" data-widget_type=\"heading.default\">\n\t\t\t\t<div class=\"elementor-widget-container\">\n\t\t\t\t\t<h3 class=\"elementor-heading-title elementor-size-default\">\"Me gusta el cine\"<\/h3>\t\t\t\t<\/div>\n\t\t\t\t<\/div>\n\t\t\t\t<div class=\"elementor-element elementor-element-4c8ec01 elementor-widget elementor-widget-text-editor\" data-id=\"4c8ec01\" data-element_type=\"widget\" data-e-type=\"widget\" data-widget_type=\"text-editor.default\">\n\t\t\t\t<div class=\"elementor-widget-container\">\n\t\t\t\t\t\t\t\t\t<div class=\"page\" title=\"Page 1\"><div class=\"section\"><div class=\"layoutArea\"><div class=\"column\"><div class=\"page\" title=\"Page 4\"><div class=\"section\"><div class=\"layoutArea\"><div class=\"column\"><p>Ya est\u00e1n disponibles las bases del concurso \u00abMe gusta el cine\u00bb! \u00a0Si tienes entre 3 y 18 a\u00f1os, esta es tu oportunidad para demostrar tu creatividad \u270d\ufe0f\ud83c\udfa5, ya sea dibujando, escribiendo o incluso creando un cortometraje.<\/p><p>\ud83c\udfaf \u00bfQu\u00e9 necesitas? Solo muchas ganas, imaginaci\u00f3n y \u00a1amar el cine tanto como nosotros! \u2764\ufe0f\ud83c\udf7f<\/p><p>\ud83d\udcc5 Plazo de participaci\u00f3n: hasta el 28 de febrero de 2026.<\/p><p><span style=\"font-family: var( --e-global-typography-b2ce6af-font-family ), Sans-serif; font-size: var( --e-global-typography-b2ce6af-font-size ); font-style: var( --e-global-typography-b2ce6af-font-style ); text-transform: var( --e-global-typography-b2ce6af-text-transform );\">\u00a1Animaos a participar y a ser parte del Marere Film Festival! \ud83c\udf1f \u00bfListos para convertir vuestra imaginaci\u00f3n en arte?<\/span><\/p><div class=\"page\" title=\"Page 7\"><div class=\"section\"><div class=\"layoutArea\"><div class=\"column\">\u00a0<\/div><\/div><\/div><\/div><\/div><\/div><\/div><\/div><\/div><\/div><\/div><\/div>\t\t\t\t\t\t\t\t<\/div>\n\t\t\t\t<\/div>\n\t\t\t\t<div class=\"elementor-element elementor-element-1746053 elementor-align-center elementor-widget elementor-widget-button\" data-id=\"1746053\" data-element_type=\"widget\" data-e-type=\"widget\" data-widget_type=\"button.default\">\n\t\t\t\t<div class=\"elementor-widget-container\">\n\t\t\t\t\t\t\t\t\t<div class=\"elementor-button-wrapper\">\n\t\t\t\t\t<a class=\"elementor-button elementor-button-link elementor-size-sm\" href=\"https:\/\/marerefilmfestival.com\/wp-content\/uploads\/2025\/01\/Marere-Film-Festival-Concurso-artistico-Me-gusta-el-cine.pdf\" target=\"_blank\">\n\t\t\t\t\t\t<span class=\"elementor-button-content-wrapper\">\n\t\t\t\t\t\t<span class=\"elementor-button-icon\">\n\t\t\t\t<i aria-hidden=\"true\" class=\"las la-download\"><\/i>\t\t\t<\/span>\n\t\t\t\t\t\t\t\t\t<span class=\"elementor-button-text\">descargar bases<\/span>\n\t\t\t\t\t<\/span>\n\t\t\t\t\t<\/a>\n\t\t\t\t<\/div>\n\t\t\t\t\t\t\t\t<\/div>\n\t\t\t\t<\/div>\n\t\t\t\t<\/div>\n\t\t<div class=\"elementor-element elementor-element-4e686a7 e-con-full e-flex e-con e-child\" data-id=\"4e686a7\" data-element_type=\"container\" data-e-type=\"container\" data-settings=\"{&quot;jet_parallax_layout_list&quot;:[],&quot;background_background&quot;:&quot;classic&quot;}\">\n\t\t\t\t<\/div>\n\t\t\t\t\t<\/div>\n\t\t\t\t<\/div>\n\t\t\t\t\t<\/div>\n\t\t\t\t<\/div>\n\t\t<div class=\"elementor-element elementor-element-17011be1 e-flex e-con-boxed elementor-invisible e-con e-parent\" data-id=\"17011be1\" data-element_type=\"container\" data-e-type=\"container\" data-settings=\"{&quot;background_background&quot;:&quot;classic&quot;,&quot;jet_parallax_layout_list&quot;:[],&quot;animation&quot;:&quot;fadeInUp&quot;}\">\n\t\t\t\t\t<div class=\"e-con-inner\">\n\t\t<div class=\"elementor-element elementor-element-26ae0b68 e-flex e-con-boxed e-con e-child\" data-id=\"26ae0b68\" data-element_type=\"container\" data-e-type=\"container\" data-settings=\"{&quot;jet_parallax_layout_list&quot;:[]}\">\n\t\t\t\t\t<div class=\"e-con-inner\">\n\t\t\t\t<div class=\"elementor-element elementor-element-71bb21de elementor-widget elementor-widget-heading\" data-id=\"71bb21de\" data-element_type=\"widget\" data-e-type=\"widget\" data-widget_type=\"heading.default\">\n\t\t\t\t<div class=\"elementor-widget-container\">\n\t\t\t\t\t<h2 class=\"elementor-heading-title elementor-size-default\">Actividades paralelas<\/h2>\t\t\t\t<\/div>\n\t\t\t\t<\/div>\n\t\t\t\t<div class=\"elementor-element elementor-element-311848b0 elementor-widget elementor-widget-text-editor\" data-id=\"311848b0\" data-element_type=\"widget\" data-e-type=\"widget\" data-widget_type=\"text-editor.default\">\n\t\t\t\t<div class=\"elementor-widget-container\">\n\t\t\t\t\t\t\t\t\t<div class=\"page\" title=\"Page 7\"><div class=\"section\"><div class=\"layoutArea\"><div class=\"column\"><p>El Marere Fest 2025 no solo ofrecera\u0301 proyecciones cinematogra\u0301ficas, sino que tambie\u0301n contara\u0301 con una serie de actividades paralelas disen\u0303adas para enriquecer la experiencia del festival. Estas actividades estara\u0301n orientadas a involucrar tanto a los participantes como al pu\u0301blico, ofreciendo una experiencia cultural diversa y dina\u0301mica.<\/p><ul><li><strong>Coloquios con los Equipos de Peli\u0301culas<br \/><\/strong>Tras las proyecciones de las peli\u0301culas seleccionadas, los equipos arti\u0301sticos tendra\u0301n la oportunidad de participar en coloquios con el pu\u0301blico asistente. Estos encuentros ofrecera\u0301n una oportunidad para conocer de cerca los procesos creativos detra\u0301s de cada obra y permitira\u0301n un dia\u0301logo directo entre los cineastas y los espectadores.<\/li><\/ul><div class=\"page\" title=\"Page 7\"><div class=\"section\"><div class=\"layoutArea\"><div class=\"column\"><ul><li><strong>Talleres para Escolares<\/strong><br \/>El festival tambie\u0301n contara\u0301 con talleres dirigidos a escolares, con el objetivo de fomentar el intere\u0301s por el cine y las<\/li><\/ul><\/div><\/div><div class=\"layoutArea\"><div class=\"column\"><ul><li><strong>Bellas Artes desde edades tempranas<\/strong>.<br \/>Estos talleres estara\u0301n orientados a la participacio\u0301n de estudiantes locales.<\/li><\/ul><\/div><\/div><div class=\"layoutArea\"><div class=\"column\"><ul><li><strong>Actuaciones Musicales<br \/><\/strong>Para complementar las proyecciones y otras actividades, el Marere Fest incluira\u0301 actuaciones musicales en directo Otras Actividades por Confirmar<\/li><\/ul><p>\u00a0<\/p><p>El programa de actividades paralelas del Marere Fest esta\u0301 en constante desarrollo y puede ampliarse con nuevas propuestas a medida que se acerque la fecha del festival.<\/p><\/div><\/div><\/div><\/div><\/div><\/div><\/div><\/div>\t\t\t\t\t\t\t\t<\/div>\n\t\t\t\t<\/div>\n\t\t\t\t<div class=\"elementor-element elementor-element-41e6ba28 elementor-align-center elementor-widget elementor-widget-button\" data-id=\"41e6ba28\" data-element_type=\"widget\" data-e-type=\"widget\" data-widget_type=\"button.default\">\n\t\t\t\t<div class=\"elementor-widget-container\">\n\t\t\t\t\t\t\t\t\t<div class=\"elementor-button-wrapper\">\n\t\t\t\t\t<a class=\"elementor-button elementor-button-link elementor-size-md\" href=\"https:\/\/marerefilmfestival.com\/va\/contacto\/\">\n\t\t\t\t\t\t<span class=\"elementor-button-content-wrapper\">\n\t\t\t\t\t\t\t\t\t<span class=\"elementor-button-text\">contacta para<br>m\u00e1s informaci\u00f3n<\/span>\n\t\t\t\t\t<\/span>\n\t\t\t\t\t<\/a>\n\t\t\t\t<\/div>\n\t\t\t\t\t\t\t\t<\/div>\n\t\t\t\t<\/div>\n\t\t\t\t\t<\/div>\n\t\t\t\t<\/div>\n\t\t\t\t\t<\/div>\n\t\t\t\t<\/div>\n\t\t\t\t<\/div>","protected":false},"excerpt":{"rendered":"<p>MARERE FILM FESTIVAL Un encuentro de Cine y Bellas Artes La primera edicio\u0301n del Marere Fest nace con la misio\u0301n de ser un espacio donde el cine y las Bellas Artes se encuentren en un dia\u0301logo creativo. Este festival esta\u0301 disen\u0303ado para acercar al pu\u0301blico una seleccio\u0301n de largometrajes y obras audiovisuales que celebran el [&hellip;]<\/p>\n","protected":false},"author":1,"featured_media":0,"parent":0,"menu_order":0,"comment_status":"closed","ping_status":"closed","template":"elementor_header_footer","meta":{"inline_featured_image":false,"footnotes":""},"class_list":["post-49","page","type-page","status-publish","hentry"],"_links":{"self":[{"href":"https:\/\/marerefilmfestival.com\/va\/wp-json\/wp\/v2\/pages\/49","targetHints":{"allow":["GET"]}}],"collection":[{"href":"https:\/\/marerefilmfestival.com\/va\/wp-json\/wp\/v2\/pages"}],"about":[{"href":"https:\/\/marerefilmfestival.com\/va\/wp-json\/wp\/v2\/types\/page"}],"author":[{"embeddable":true,"href":"https:\/\/marerefilmfestival.com\/va\/wp-json\/wp\/v2\/users\/1"}],"replies":[{"embeddable":true,"href":"https:\/\/marerefilmfestival.com\/va\/wp-json\/wp\/v2\/comments?post=49"}],"version-history":[{"count":181,"href":"https:\/\/marerefilmfestival.com\/va\/wp-json\/wp\/v2\/pages\/49\/revisions"}],"predecessor-version":[{"id":1698,"href":"https:\/\/marerefilmfestival.com\/va\/wp-json\/wp\/v2\/pages\/49\/revisions\/1698"}],"wp:attachment":[{"href":"https:\/\/marerefilmfestival.com\/va\/wp-json\/wp\/v2\/media?parent=49"}],"curies":[{"name":"wp","href":"https:\/\/api.w.org\/{rel}","templated":true}]}}